{"id":2698,"date":"2022-11-14T14:12:23","date_gmt":"2022-11-14T13:12:23","guid":{"rendered":"https:\/\/wibi-workwear.com\/?page_id=2698"},"modified":"2023-01-19T09:52:33","modified_gmt":"2023-01-19T08:52:33","slug":"lebensmittelverpackung","status":"publish","type":"page","link":"https:\/\/wasteless-group.com\/de\/lebensmittelverpackung\/","title":{"rendered":"Lebensmittelverpackung"},"content":{"rendered":"\t\t<div data-elementor-type=\"wp-page\" data-elementor-id=\"2698\" class=\"elementor elementor-2698\">\n\t\t\t\t\t\t<section class=\"elementor-section elementor-top-section elementor-element elementor-element-3ab1a155 elementor-section-boxed elementor-section-height-default elementor-section-height-default\" data-id=\"3ab1a155\" data-element_type=\"section\">\n\t\t\t\t\t\t<div class=\"elementor-container elementor-column-gap-default\">\n\t\t\t\t\t<div class=\"elementor-column elementor-col-100 elementor-top-column elementor-element elementor-element-40f551a1\" data-id=\"40f551a1\" data-element_type=\"column\">\n\t\t\t<div class=\"elementor-widget-wrap elementor-element-populated\">\n\t\t\t\t\t\t<div class=\"elementor-element elementor-element-2bc2f98d elementor-widget elementor-widget-text-editor\" data-id=\"2bc2f98d\" data-element_type=\"widget\" data-widget_type=\"text-editor.default\">\n\t\t\t\t<div class=\"elementor-widget-container\">\n\t\t\t\t\t\t\t\t\t\n<div id=\"wp-block-themeisle-blocks-advanced-columns-cd7bbcc4\" class=\"wp-block-themeisle-blocks-advanced-columns has-0-columns has-desktop-undefined-layout has-tablet-equal-layout has-mobile-equal-layout has-vertical-unset\"><div class=\"wp-block-themeisle-blocks-advanced-columns-overlay\"><\/div><div class=\"innerblocks-wrap\"><\/div><\/div>\n\t\t\t\t\t\t\t\t<\/div>\n\t\t\t\t<\/div>\n\t\t\t\t\t<\/div>\n\t\t<\/div>\n\t\t\t\t\t<\/div>\n\t\t<\/section>\n\t\t\t\t<section class=\"elementor-section elementor-top-section elementor-element elementor-element-8bf161c elementor-section-boxed elementor-section-height-default elementor-section-height-default\" data-id=\"8bf161c\" data-element_type=\"section\">\n\t\t\t\t\t\t<div class=\"elementor-container elementor-column-gap-default\">\n\t\t\t\t\t<div class=\"elementor-column elementor-col-100 elementor-top-column elementor-element elementor-element-d2d38ea\" data-id=\"d2d38ea\" data-element_type=\"column\">\n\t\t\t<div class=\"elementor-widget-wrap elementor-element-populated\">\n\t\t\t\t\t\t<div class=\"elementor-element elementor-element-08a9cbb elementor-widget elementor-widget-heading\" data-id=\"08a9cbb\" data-element_type=\"widget\" data-widget_type=\"heading.default\">\n\t\t\t\t<div class=\"elementor-widget-container\">\n\t\t\t\t\t<h2 class=\"elementor-heading-title elementor-size-default\">Umweltbewusste Lebensmittelverpackung (die echte!)<\/h2>\t\t\t\t<\/div>\n\t\t\t\t<\/div>\n\t\t\t\t\t<\/div>\n\t\t<\/div>\n\t\t\t\t\t<\/div>\n\t\t<\/section>\n\t\t\t\t<section class=\"elementor-section elementor-top-section elementor-element elementor-element-04c24ec elementor-section-boxed elementor-section-height-default elementor-section-height-default\" data-id=\"04c24ec\" data-element_type=\"section\">\n\t\t\t\t\t\t<div class=\"elementor-container elementor-column-gap-default\">\n\t\t\t\t\t<div class=\"elementor-column elementor-col-100 elementor-top-column elementor-element elementor-element-776b9fd\" data-id=\"776b9fd\" data-element_type=\"column\">\n\t\t\t<div class=\"elementor-widget-wrap elementor-element-populated\">\n\t\t\t\t\t\t<div class=\"elementor-element elementor-element-726f7b8 elementor-widget__width-inherit elementor-widget elementor-widget-image\" data-id=\"726f7b8\" data-element_type=\"widget\" data-widget_type=\"image.default\">\n\t\t\t\t<div class=\"elementor-widget-container\">\n\t\t\t\t\t\t\t\t\t\t\t\t\t\t\t<img fetchpriority=\"high\" decoding=\"async\" width=\"1400\" height=\"300\" src=\"https:\/\/wasteless-group.com\/wp-content\/smush-avif\/2022\/11\/Copie-de-Sans-titre-1.png.avif\" class=\"attachment-full size-full wp-image-943\" alt=\"\" srcset=\"https:\/\/wasteless-group.com\/wp-content\/smush-avif\/2022\/11\/Copie-de-Sans-titre-1.png.avif 1400w, https:\/\/wasteless-group.com\/wp-content\/smush-avif\/2022\/11\/Copie-de-Sans-titre-1-300x64.png.avif 300w, https:\/\/wasteless-group.com\/wp-content\/smush-avif\/2022\/11\/Copie-de-Sans-titre-1-1024x219.png.avif 1024w, https:\/\/wasteless-group.com\/wp-content\/smush-avif\/2022\/11\/Copie-de-Sans-titre-1-768x165.png.avif 768w\" sizes=\"(max-width: 1400px) 100vw, 1400px\" \/>\t\t\t\t\t\t\t\t\t\t\t\t\t\t\t<\/div>\n\t\t\t\t<\/div>\n\t\t\t\t<div class=\"elementor-element elementor-element-f52b25c elementor-widget elementor-widget-text-editor\" data-id=\"f52b25c\" data-element_type=\"widget\" data-widget_type=\"text-editor.default\">\n\t\t\t\t<div class=\"elementor-widget-container\">\n\t\t\t\t\t\t\t\t\t<p>Sie sind Kaufmann, Handwerker oder Gastronomieprofi? Suchen Sie nach gr\u00fcneren und umweltfreundlicheren Lebensmittelverpackungen? Wir bieten dir :<\/p><ul><li><strong>die individuelle Gestaltung Ihrer personalisierten Lebensmittelverpackung<\/strong> (mengenabh\u00e4ngig). W\u00e4hlen Sie das Material, das Format und das Design f\u00fcr eine 100%ige Wiedergabe in Ihrem Bild!<\/li><li><strong>eine gro\u00dfe Auswahl an Lebensmittelverpackungen auf Lager bei unserem DC Pack<\/strong>&#8211;<strong>H\u00e4ndler<\/strong> in der N\u00e4he von Besan\u00e7on (Online-Verkauf und professionelle Theke).<\/li><\/ul><p>Da der \u00f6kologische Wandel im Mittelpunkt unserer Bem\u00fchungen steht, <strong>werden alle unsere Produkte aus nat\u00fcrlichen, pflanzlichen oder recycelten Materialien (PLA, Kraft und Bagasse) hergestellt und sind am Ende ihrer Lebensdauer wiederverwertbar<\/strong>. Bei uns ist sogar das Plastik biosourced (pflanzlichen Ursprungs)!<\/p><p>\u00dcber das \u00d6kodesign unserer Lebensmittelverpackungen hinaus m\u00f6chten wir auch, dass unsere Produkte Teil einer Logik des \u00f6kologischen \u00dcbergangs sind. Alle unsere Artikel sind somit biologisch abbaubar, recycelbar oder kompostierbar.<\/p><p>Unser Sortiment passt sich allen Branchen, Anl\u00e4ssen und K\u00fcchen an: Becher f\u00fcr hei\u00dfe oder kalte Getr\u00e4nke, Essens- oder Dessertboxen, Accessoires und Papiert\u00fcten.<\/p>\t\t\t\t\t\t\t\t<\/div>\n\t\t\t\t<\/div>\n\t\t\t\t<div class=\"elementor-element elementor-element-d6eb3c3 elementor-align-center elementor-widget elementor-widget-button\" data-id=\"d6eb3c3\" data-element_type=\"widget\" data-widget_type=\"button.default\">\n\t\t\t\t<div class=\"elementor-widget-container\">\n\t\t\t\t\t\t\t\t\t<div class=\"elementor-button-wrapper\">\n\t\t\t\t\t<a class=\"elementor-button elementor-button-link elementor-size-md\" href=\"#\">\n\t\t\t\t\t\t<span class=\"elementor-button-content-wrapper\">\n\t\t\t\t\t\t\t\t\t<span class=\"elementor-button-text\">Kontaktiere uns<\/span>\n\t\t\t\t\t<\/span>\n\t\t\t\t\t<\/a>\n\t\t\t\t<\/div>\n\t\t\t\t\t\t\t\t<\/div>\n\t\t\t\t<\/div>\n\t\t\t\t\t<\/div>\n\t\t<\/div>\n\t\t\t\t\t<\/div>\n\t\t<\/section>\n\t\t\t\t<section class=\"elementor-section elementor-top-section elementor-element elementor-element-2f86d02 elementor-section-boxed elementor-section-height-default elementor-section-height-default\" data-id=\"2f86d02\" data-element_type=\"section\">\n\t\t\t\t\t\t<div class=\"elementor-container elementor-column-gap-default\">\n\t\t\t\t\t<div class=\"elementor-column elementor-col-100 elementor-top-column elementor-element elementor-element-d76d826\" data-id=\"d76d826\" data-element_type=\"column\">\n\t\t\t<div class=\"elementor-widget-wrap elementor-element-populated\">\n\t\t\t\t\t\t<div class=\"elementor-element elementor-element-9f7223b elementor-widget elementor-widget-spacer\" data-id=\"9f7223b\" data-element_type=\"widget\" data-widget_type=\"spacer.default\">\n\t\t\t\t<div class=\"elementor-widget-container\">\n\t\t\t\t\t\t\t<div class=\"elementor-spacer\">\n\t\t\t<div class=\"elementor-spacer-inner\"><\/div>\n\t\t<\/div>\n\t\t\t\t\t\t<\/div>\n\t\t\t\t<\/div>\n\t\t\t\t<div class=\"elementor-element elementor-element-91412ed elementor-widget elementor-widget-heading\" data-id=\"91412ed\" data-element_type=\"widget\" data-widget_type=\"heading.default\">\n\t\t\t\t<div class=\"elementor-widget-container\">\n\t\t\t\t\t<h2 class=\"elementor-heading-title elementor-size-default\">Unsere Themen<\/h2>\t\t\t\t<\/div>\n\t\t\t\t<\/div>\n\t\t\t\t\t<\/div>\n\t\t<\/div>\n\t\t\t\t\t<\/div>\n\t\t<\/section>\n\t\t\t\t<section class=\"elementor-section elementor-top-section elementor-element elementor-element-1d91b4b elementor-section-boxed elementor-section-height-default elementor-section-height-default\" data-id=\"1d91b4b\" data-element_type=\"section\">\n\t\t\t\t\t\t<div class=\"elementor-container elementor-column-gap-default\">\n\t\t\t\t\t<div class=\"elementor-column elementor-col-20 elementor-top-column elementor-element elementor-element-5d4c3e3\" data-id=\"5d4c3e3\" data-element_type=\"column\" data-settings=\"{&quot;background_background&quot;:&quot;classic&quot;}\">\n\t\t\t<div class=\"elementor-widget-wrap elementor-element-populated\">\n\t\t\t\t\t\t<div class=\"elementor-element elementor-element-0f2faba elementor-widget elementor-widget-heading\" data-id=\"0f2faba\" data-element_type=\"widget\" data-widget_type=\"heading.default\">\n\t\t\t\t<div class=\"elementor-widget-container\">\n\t\t\t\t\t<h2 class=\"elementor-heading-title elementor-size-default\">PLA<\/h2>\t\t\t\t<\/div>\n\t\t\t\t<\/div>\n\t\t\t\t<div class=\"elementor-element elementor-element-19857a7 elementor-widget elementor-widget-text-editor\" data-id=\"19857a7\" data-element_type=\"widget\" data-widget_type=\"text-editor.default\">\n\t\t\t\t<div class=\"elementor-widget-container\">\n\t\t\t\t\t\t\t\t\t<div class=\"promo-block__inner\"><p class=\"promo-block__content\"><strong>PLA ist eine Alternative zu Kunststoff<\/strong>, da es sich um ein industriell produziertes und kompostierbares Material handelt, das aus St\u00e4rke (im Allgemeinen Mais) hergestellt wird. PLA eignet sich nur f\u00fcr Ihre Getr\u00e4nke und kalten Gerichte, Salate, K\u00e4se, kaltes Fleisch oder Desserts. In der Tat kann das Material von 40 \u00b0 C verzerrt werden, weshalb es auch wichtig ist, Ihre Verpackung in einer frischen Umgebung zu transportieren und zu halten.<\/p><\/div>\t\t\t\t\t\t\t\t<\/div>\n\t\t\t\t<\/div>\n\t\t\t\t\t<\/div>\n\t\t<\/div>\n\t\t\t\t<div class=\"elementor-column elementor-col-20 elementor-top-column elementor-element elementor-element-c7dfcbc\" data-id=\"c7dfcbc\" data-element_type=\"column\">\n\t\t\t<div class=\"elementor-widget-wrap\">\n\t\t\t\t\t\t\t<\/div>\n\t\t<\/div>\n\t\t\t\t<div class=\"elementor-column elementor-col-20 elementor-top-column elementor-element elementor-element-01ea585\" data-id=\"01ea585\" data-element_type=\"column\" data-settings=\"{&quot;background_background&quot;:&quot;classic&quot;}\">\n\t\t\t<div class=\"elementor-widget-wrap elementor-element-populated\">\n\t\t\t\t\t\t<div class=\"elementor-element elementor-element-d4aa526 elementor-widget elementor-widget-heading\" data-id=\"d4aa526\" data-element_type=\"widget\" data-widget_type=\"heading.default\">\n\t\t\t\t<div class=\"elementor-widget-container\">\n\t\t\t\t\t<h2 class=\"elementor-heading-title elementor-size-default\">Kraft<\/h2>\t\t\t\t<\/div>\n\t\t\t\t<\/div>\n\t\t\t\t<div class=\"elementor-element elementor-element-9ccbf50 elementor-widget elementor-widget-text-editor\" data-id=\"9ccbf50\" data-element_type=\"widget\" data-widget_type=\"text-editor.default\">\n\t\t\t\t<div class=\"elementor-widget-container\">\n\t\t\t\t\t\t\t\t\t<div class=\"promo-block__inner\"><p class=\"promo-block__content\"><strong>Kraft macht einen Ersatz f\u00fcr Plastik f\u00fcr Tassen<\/strong>, Mahlzeiten und Lieferbeutel. Dieses Material ist nat\u00fcrlich, biologisch abbaubar, kompostierbar und recycelbar. Kraft -Food -Verpackung kann kalte und hei\u00dfe Getr\u00e4nke und Lebensmittel enthalten. Unsere Produkte werden manchmal in Maisst\u00e4rke beschichtet, um die Abdichtung Ihrer Zubereitungen w\u00e4hrend ihres Transports zu erhalten. Diese Biosourced -Laminierung garantiert ein industrielles 100% komponierbares Produkt.<\/p><\/div>\t\t\t\t\t\t\t\t<\/div>\n\t\t\t\t<\/div>\n\t\t\t\t\t<\/div>\n\t\t<\/div>\n\t\t\t\t<div class=\"elementor-column elementor-col-20 elementor-top-column elementor-element elementor-element-b43f21e\" data-id=\"b43f21e\" data-element_type=\"column\">\n\t\t\t<div class=\"elementor-widget-wrap\">\n\t\t\t\t\t\t\t<\/div>\n\t\t<\/div>\n\t\t\t\t<div class=\"elementor-column elementor-col-20 elementor-top-column elementor-element elementor-element-9662edb\" data-id=\"9662edb\" data-element_type=\"column\" data-settings=\"{&quot;background_background&quot;:&quot;classic&quot;}\">\n\t\t\t<div class=\"elementor-widget-wrap elementor-element-populated\">\n\t\t\t\t\t\t<div class=\"elementor-element elementor-element-dcdac65 elementor-widget elementor-widget-heading\" data-id=\"dcdac65\" data-element_type=\"widget\" data-widget_type=\"heading.default\">\n\t\t\t\t<div class=\"elementor-widget-container\">\n\t\t\t\t\t<h2 class=\"elementor-heading-title elementor-size-default\">Bagasse<\/h2>\t\t\t\t<\/div>\n\t\t\t\t<\/div>\n\t\t\t\t<div class=\"elementor-element elementor-element-1897734 elementor-widget elementor-widget-text-editor\" data-id=\"1897734\" data-element_type=\"widget\" data-widget_type=\"text-editor.default\">\n\t\t\t\t<div class=\"elementor-widget-container\">\n\t\t\t\t\t\t\t\t\t<div class=\"promo-block__inner\"><p class=\"promo-block__content\"><strong>Die Bagasse besteht aus Zuckerrohrr\u00fcckst\u00e4nden und bildet eine \u00f6kologisch verantwortungsvolle Alternative zu Kunststoff oder Polystyrol<\/strong>, da in einem industriellen Umfeld biologisch abbaubar und kompostierbar ist. Die \u00f6kologisch gestalteten Taschen-Lebensmittelverpackungen eignen sich f\u00fcr kalte oder hei\u00dfe Verwendung (bis zu 100 \u00b0 C), wasserdicht und fettbest\u00e4ndig. Mit diesem nat\u00fcrlichen und atmungsaktiven Material kann Wasserdampf durch Lebensmittel entkommen, um die Qualit\u00e4t Ihrer Zubereitungen zu erhalten.<\/p><\/div>\t\t\t\t\t\t\t\t<\/div>\n\t\t\t\t<\/div>\n\t\t\t\t\t<\/div>\n\t\t<\/div>\n\t\t\t\t\t<\/div>\n\t\t<\/section>\n\t\t\t\t<\/div>\n\t\t","protected":false},"excerpt":{"rendered":"<p>Umweltbewusste Lebensmittelverpackung (die echte!) Sie sind Kaufmann, Handwerker oder Gastronomieprofi? Suchen Sie nach gr\u00fcneren und umweltfreundlicheren Lebensmittelverpackungen? Wir bieten dir : die individuelle Gestaltung Ihrer personalisierten Lebensmittelverpackung (mengenabh\u00e4ngig). W\u00e4hlen Sie das Material, das Format und das Design f\u00fcr eine 100%ige Wiedergabe in Ihrem Bild! eine gro\u00dfe Auswahl an Lebensmittelverpackungen auf Lager bei unserem DC Pack&#8211;H\u00e4ndler &hellip;<\/p>\n<p class=\"read-more\"> <a class=\"\" href=\"https:\/\/wasteless-group.com\/de\/lebensmittelverpackung\/\"> <span class=\"screen-reader-text\">Lebensmittelverpackung<\/span> Weiterlesen &raquo;<\/a><\/p>\n","protected":false},"author":1,"featured_media":0,"parent":0,"menu_order":0,"comment_status":"closed","ping_status":"closed","template":"","meta":{"site-sidebar-layout":"default","site-content-layout":"","ast-site-content-layout":"","site-content-style":"default","site-sidebar-style":"default","ast-global-header-display":"","ast-banner-title-visibility":"","ast-main-header-display":"","ast-hfb-above-header-display":"","ast-hfb-below-header-display":"","ast-hfb-mobile-header-display":"","site-post-title":"disabled","ast-breadcrumbs-content":"","ast-featured-img":"disabled","footer-sml-layout":"","theme-transparent-header-meta":"","adv-header-id-meta":"","stick-header-meta":"","header-above-stick-meta":"","header-main-stick-meta":"","header-below-stick-meta":"","astra-migrate-meta-layouts":"","footnotes":""},"class_list":["post-2698","page","type-page","status-publish","hentry"],"yoast_head":"<!-- This site is optimized with the Yoast SEO plugin v26.6 - https:\/\/yoast.com\/wordpress\/plugins\/seo\/ -->\n<title>Ihr Hersteller f\u00fcr \u00f6kologische Lebensmittelverpackungen<\/title>\n<meta name=\"description\" content=\"Suchen Sie personalisierte Verpackungen f\u00fcr nat\u00fcrliche Lebensmittel (in Kraft, Bagasse usw.)? Wir erstellen sie f\u00fcr Sie!\" \/>\n<meta name=\"robots\" content=\"index, follow, max-snippet:-1, max-image-preview:large, max-video-preview:-1\" \/>\n<link rel=\"canonical\" href=\"https:\/\/wasteless-group.com\/de\/lebensmittelverpackung\/\" \/>\n<meta property=\"og:locale\" content=\"de_DE\" \/>\n<meta property=\"og:type\" content=\"article\" \/>\n<meta property=\"og:title\" content=\"Ihr Hersteller f\u00fcr \u00f6kologische Lebensmittelverpackungen\" \/>\n<meta property=\"og:description\" content=\"Suchen Sie personalisierte Verpackungen f\u00fcr nat\u00fcrliche Lebensmittel (in Kraft, Bagasse usw.)? Wir erstellen sie f\u00fcr Sie!\" \/>\n<meta property=\"og:url\" content=\"https:\/\/wasteless-group.com\/de\/lebensmittelverpackung\/\" \/>\n<meta property=\"og:site_name\" content=\"Wasteless Group, votre fabricant et fournisseur de produits sur mesure plus \u00e9cologiques\" \/>\n<meta property=\"article:modified_time\" content=\"2023-01-19T08:52:33+00:00\" \/>\n<meta property=\"og:image\" content=\"https:\/\/wasteless-group.com\/wp-content\/uploads\/2022\/11\/pexels-mikhail-nilov-6969984-scaled.jpg\" \/>\n\t<meta property=\"og:image:width\" content=\"2560\" \/>\n\t<meta property=\"og:image:height\" content=\"1707\" \/>\n\t<meta property=\"og:image:type\" content=\"image\/jpeg\" \/>\n<meta name=\"twitter:card\" content=\"summary_large_image\" \/>\n<meta name=\"twitter:label1\" content=\"Gesch\u00e4tzte Lesezeit\" \/>\n\t<meta name=\"twitter:data1\" content=\"2 Minuten\" \/>\n<script type=\"application\/ld+json\" class=\"yoast-schema-graph\">{\"@context\":\"https:\/\/schema.org\",\"@graph\":[{\"@type\":\"WebPage\",\"@id\":\"https:\/\/wasteless-group.com\/de\/lebensmittelverpackung\/\",\"url\":\"https:\/\/wasteless-group.com\/de\/lebensmittelverpackung\/\",\"name\":\"Ihr Hersteller f\u00fcr \u00f6kologische Lebensmittelverpackungen\",\"isPartOf\":{\"@id\":\"https:\/\/wasteless-group.com\/de\/#website\"},\"primaryImageOfPage\":{\"@id\":\"https:\/\/wasteless-group.com\/de\/lebensmittelverpackung\/#primaryimage\"},\"image\":{\"@id\":\"https:\/\/wasteless-group.com\/de\/lebensmittelverpackung\/#primaryimage\"},\"thumbnailUrl\":\"https:\/\/wasteless-group.com\/wp-content\/uploads\/2022\/11\/Copie-de-Sans-titre-1.png\",\"datePublished\":\"2022-11-14T13:12:23+00:00\",\"dateModified\":\"2023-01-19T08:52:33+00:00\",\"description\":\"Suchen Sie personalisierte Verpackungen f\u00fcr nat\u00fcrliche Lebensmittel (in Kraft, Bagasse usw.)? Wir erstellen sie f\u00fcr Sie!\",\"breadcrumb\":{\"@id\":\"https:\/\/wasteless-group.com\/de\/lebensmittelverpackung\/#breadcrumb\"},\"inLanguage\":\"de-DE\",\"potentialAction\":[{\"@type\":\"ReadAction\",\"target\":[\"https:\/\/wasteless-group.com\/de\/lebensmittelverpackung\/\"]}]},{\"@type\":\"ImageObject\",\"inLanguage\":\"de-DE\",\"@id\":\"https:\/\/wasteless-group.com\/de\/lebensmittelverpackung\/#primaryimage\",\"url\":\"https:\/\/wasteless-group.com\/wp-content\/uploads\/2022\/11\/Copie-de-Sans-titre-1.png\",\"contentUrl\":\"https:\/\/wasteless-group.com\/wp-content\/uploads\/2022\/11\/Copie-de-Sans-titre-1.png\"},{\"@type\":\"BreadcrumbList\",\"@id\":\"https:\/\/wasteless-group.com\/de\/lebensmittelverpackung\/#breadcrumb\",\"itemListElement\":[{\"@type\":\"ListItem\",\"position\":1,\"name\":\"Accueil\",\"item\":\"https:\/\/wasteless-group.com\/de\/\"},{\"@type\":\"ListItem\",\"position\":2,\"name\":\"Lebensmittelverpackung\"}]},{\"@type\":\"WebSite\",\"@id\":\"https:\/\/wasteless-group.com\/de\/#website\",\"url\":\"https:\/\/wasteless-group.com\/de\/\",\"name\":\"Wasteless Group\",\"description\":\"Wasteless Group, votre fabricant et fournisseur de produits sur mesure plus \u00e9cologiques\",\"publisher\":{\"@id\":\"https:\/\/wasteless-group.com\/de\/#organization\"},\"potentialAction\":[{\"@type\":\"SearchAction\",\"target\":{\"@type\":\"EntryPoint\",\"urlTemplate\":\"https:\/\/wasteless-group.com\/de\/?s={search_term_string}\"},\"query-input\":{\"@type\":\"PropertyValueSpecification\",\"valueRequired\":true,\"valueName\":\"search_term_string\"}}],\"inLanguage\":\"de-DE\"},{\"@type\":\"Organization\",\"@id\":\"https:\/\/wasteless-group.com\/de\/#organization\",\"name\":\"Wasteless Group\",\"url\":\"https:\/\/wasteless-group.com\/de\/\",\"logo\":{\"@type\":\"ImageObject\",\"inLanguage\":\"de-DE\",\"@id\":\"https:\/\/wasteless-group.com\/de\/#\/schema\/logo\/image\/\",\"url\":\"https:\/\/wasteless-group.com\/wp-content\/uploads\/2023\/07\/Logo-WG-Vert.png\",\"contentUrl\":\"https:\/\/wasteless-group.com\/wp-content\/uploads\/2023\/07\/Logo-WG-Vert.png\",\"width\":400,\"height\":138,\"caption\":\"Wasteless Group\"},\"image\":{\"@id\":\"https:\/\/wasteless-group.com\/de\/#\/schema\/logo\/image\/\"},\"sameAs\":[\"https:\/\/www.linkedin.com\/company\/wasteless-group\/\"]}]}<\/script>\n<!-- \/ Yoast SEO plugin. -->","yoast_head_json":{"title":"Ihr Hersteller f\u00fcr \u00f6kologische Lebensmittelverpackungen","description":"Suchen Sie personalisierte Verpackungen f\u00fcr nat\u00fcrliche Lebensmittel (in Kraft, Bagasse usw.)? Wir erstellen sie f\u00fcr Sie!","robots":{"index":"index","follow":"follow","max-snippet":"max-snippet:-1","max-image-preview":"max-image-preview:large","max-video-preview":"max-video-preview:-1"},"canonical":"https:\/\/wasteless-group.com\/de\/lebensmittelverpackung\/","og_locale":"de_DE","og_type":"article","og_title":"Ihr Hersteller f\u00fcr \u00f6kologische Lebensmittelverpackungen","og_description":"Suchen Sie personalisierte Verpackungen f\u00fcr nat\u00fcrliche Lebensmittel (in Kraft, Bagasse usw.)? Wir erstellen sie f\u00fcr Sie!","og_url":"https:\/\/wasteless-group.com\/de\/lebensmittelverpackung\/","og_site_name":"Wasteless Group, votre fabricant et fournisseur de produits sur mesure plus \u00e9cologiques","article_modified_time":"2023-01-19T08:52:33+00:00","og_image":[{"width":2560,"height":1707,"url":"https:\/\/wasteless-group.com\/wp-content\/uploads\/2022\/11\/pexels-mikhail-nilov-6969984-scaled.jpg","type":"image\/jpeg"}],"twitter_card":"summary_large_image","twitter_misc":{"Gesch\u00e4tzte Lesezeit":"2 Minuten"},"schema":{"@context":"https:\/\/schema.org","@graph":[{"@type":"WebPage","@id":"https:\/\/wasteless-group.com\/de\/lebensmittelverpackung\/","url":"https:\/\/wasteless-group.com\/de\/lebensmittelverpackung\/","name":"Ihr Hersteller f\u00fcr \u00f6kologische Lebensmittelverpackungen","isPartOf":{"@id":"https:\/\/wasteless-group.com\/de\/#website"},"primaryImageOfPage":{"@id":"https:\/\/wasteless-group.com\/de\/lebensmittelverpackung\/#primaryimage"},"image":{"@id":"https:\/\/wasteless-group.com\/de\/lebensmittelverpackung\/#primaryimage"},"thumbnailUrl":"https:\/\/wasteless-group.com\/wp-content\/uploads\/2022\/11\/Copie-de-Sans-titre-1.png","datePublished":"2022-11-14T13:12:23+00:00","dateModified":"2023-01-19T08:52:33+00:00","description":"Suchen Sie personalisierte Verpackungen f\u00fcr nat\u00fcrliche Lebensmittel (in Kraft, Bagasse usw.)? Wir erstellen sie f\u00fcr Sie!","breadcrumb":{"@id":"https:\/\/wasteless-group.com\/de\/lebensmittelverpackung\/#breadcrumb"},"inLanguage":"de-DE","potentialAction":[{"@type":"ReadAction","target":["https:\/\/wasteless-group.com\/de\/lebensmittelverpackung\/"]}]},{"@type":"ImageObject","inLanguage":"de-DE","@id":"https:\/\/wasteless-group.com\/de\/lebensmittelverpackung\/#primaryimage","url":"https:\/\/wasteless-group.com\/wp-content\/uploads\/2022\/11\/Copie-de-Sans-titre-1.png","contentUrl":"https:\/\/wasteless-group.com\/wp-content\/uploads\/2022\/11\/Copie-de-Sans-titre-1.png"},{"@type":"BreadcrumbList","@id":"https:\/\/wasteless-group.com\/de\/lebensmittelverpackung\/#breadcrumb","itemListElement":[{"@type":"ListItem","position":1,"name":"Accueil","item":"https:\/\/wasteless-group.com\/de\/"},{"@type":"ListItem","position":2,"name":"Lebensmittelverpackung"}]},{"@type":"WebSite","@id":"https:\/\/wasteless-group.com\/de\/#website","url":"https:\/\/wasteless-group.com\/de\/","name":"Wasteless Group","description":"Wasteless Group, votre fabricant et fournisseur de produits sur mesure plus \u00e9cologiques","publisher":{"@id":"https:\/\/wasteless-group.com\/de\/#organization"},"potentialAction":[{"@type":"SearchAction","target":{"@type":"EntryPoint","urlTemplate":"https:\/\/wasteless-group.com\/de\/?s={search_term_string}"},"query-input":{"@type":"PropertyValueSpecification","valueRequired":true,"valueName":"search_term_string"}}],"inLanguage":"de-DE"},{"@type":"Organization","@id":"https:\/\/wasteless-group.com\/de\/#organization","name":"Wasteless Group","url":"https:\/\/wasteless-group.com\/de\/","logo":{"@type":"ImageObject","inLanguage":"de-DE","@id":"https:\/\/wasteless-group.com\/de\/#\/schema\/logo\/image\/","url":"https:\/\/wasteless-group.com\/wp-content\/uploads\/2023\/07\/Logo-WG-Vert.png","contentUrl":"https:\/\/wasteless-group.com\/wp-content\/uploads\/2023\/07\/Logo-WG-Vert.png","width":400,"height":138,"caption":"Wasteless Group"},"image":{"@id":"https:\/\/wasteless-group.com\/de\/#\/schema\/logo\/image\/"},"sameAs":["https:\/\/www.linkedin.com\/company\/wasteless-group\/"]}]}},"_links":{"self":[{"href":"https:\/\/wasteless-group.com\/de\/wp-json\/wp\/v2\/pages\/2698","targetHints":{"allow":["GET"]}}],"collection":[{"href":"https:\/\/wasteless-group.com\/de\/wp-json\/wp\/v2\/pages"}],"about":[{"href":"https:\/\/wasteless-group.com\/de\/wp-json\/wp\/v2\/types\/page"}],"author":[{"embeddable":true,"href":"https:\/\/wasteless-group.com\/de\/wp-json\/wp\/v2\/users\/1"}],"replies":[{"embeddable":true,"href":"https:\/\/wasteless-group.com\/de\/wp-json\/wp\/v2\/comments?post=2698"}],"version-history":[{"count":0,"href":"https:\/\/wasteless-group.com\/de\/wp-json\/wp\/v2\/pages\/2698\/revisions"}],"wp:attachment":[{"href":"https:\/\/wasteless-group.com\/de\/wp-json\/wp\/v2\/media?parent=2698"}],"curies":[{"name":"wp","href":"https:\/\/api.w.org\/{rel}","templated":true}]}}