{"id":2805,"date":"2022-11-14T14:12:02","date_gmt":"2022-11-14T13:12:02","guid":{"rendered":"https:\/\/wibi-workwear.com\/?page_id=2805"},"modified":"2023-01-19T16:35:01","modified_gmt":"2023-01-19T15:35:01","slug":"taschen","status":"publish","type":"page","link":"https:\/\/wasteless-group.com\/de\/taschen\/","title":{"rendered":"Taschen"},"content":{"rendered":"\t\t<div data-elementor-type=\"wp-page\" data-elementor-id=\"2805\" class=\"elementor elementor-2805\">\n\t\t\t\t\t\t<section class=\"elementor-section elementor-top-section elementor-element elementor-element-e33b3b0 elementor-section-boxed elementor-section-height-default elementor-section-height-default\" data-id=\"e33b3b0\" data-element_type=\"section\">\n\t\t\t\t\t\t<div class=\"elementor-container elementor-column-gap-default\">\n\t\t\t\t\t<div class=\"elementor-column elementor-col-100 elementor-top-column elementor-element elementor-element-01d9ca7\" data-id=\"01d9ca7\" data-element_type=\"column\">\n\t\t\t<div class=\"elementor-widget-wrap elementor-element-populated\">\n\t\t\t\t\t\t<div class=\"elementor-element elementor-element-a996b1b elementor-widget elementor-widget-heading\" data-id=\"a996b1b\" data-element_type=\"widget\" data-widget_type=\"heading.default\">\n\t\t\t\t<div class=\"elementor-widget-container\">\n\t\t\t\t\t<h2 class=\"elementor-heading-title elementor-size-default\">Ma\u00dfgeschneiderte Taschen<\/h2>\t\t\t\t<\/div>\n\t\t\t\t<\/div>\n\t\t\t\t\t<\/div>\n\t\t<\/div>\n\t\t\t\t\t<\/div>\n\t\t<\/section>\n\t\t\t\t<section class=\"elementor-section elementor-top-section elementor-element elementor-element-cccf84d elementor-section-boxed elementor-section-height-default elementor-section-height-default\" data-id=\"cccf84d\" data-element_type=\"section\">\n\t\t\t\t\t\t<div class=\"elementor-container elementor-column-gap-default\">\n\t\t\t\t\t<div class=\"elementor-column elementor-col-50 elementor-top-column elementor-element elementor-element-7e0b831\" data-id=\"7e0b831\" data-element_type=\"column\">\n\t\t\t<div class=\"elementor-widget-wrap elementor-element-populated\">\n\t\t\t\t\t\t<div class=\"elementor-element elementor-element-bbf4799 elementor-widget elementor-widget-image\" data-id=\"bbf4799\" data-element_type=\"widget\" data-widget_type=\"image.default\">\n\t\t\t\t<div class=\"elementor-widget-container\">\n\t\t\t\t\t\t\t\t\t\t\t\t\t\t\t<img fetchpriority=\"high\" decoding=\"async\" width=\"1024\" height=\"768\" src=\"https:\/\/wasteless-group.com\/wp-content\/smush-avif\/2022\/12\/20210610_163208-1024x768.jpg.avif\" class=\"attachment-large size-large wp-image-3985\" alt=\"Wasteless Group sacs sur mesure personnalisable coton jute kraft PLA mati\u00e8res naturelles v\u00e9g\u00e9tales recyclable mati\u00e8re recycl\u00e9e biod\u00e9gradable compostable\" srcset=\"https:\/\/wasteless-group.com\/wp-content\/smush-avif\/2022\/12\/20210610_163208-1024x768.jpg.avif 1024w, https:\/\/wasteless-group.com\/wp-content\/smush-avif\/2022\/12\/20210610_163208-300x225.jpg.avif 300w, https:\/\/wasteless-group.com\/wp-content\/smush-avif\/2022\/12\/20210610_163208-768x576.jpg.avif 768w, https:\/\/wasteless-group.com\/wp-content\/smush-avif\/2022\/12\/20210610_163208-1536x1152.jpg.avif 1536w, https:\/\/wasteless-group.com\/wp-content\/smush-avif\/2022\/12\/20210610_163208-2048x1536.jpg.avif 2048w\" sizes=\"(max-width: 1024px) 100vw, 1024px\" \/>\t\t\t\t\t\t\t\t\t\t\t\t\t\t\t<\/div>\n\t\t\t\t<\/div>\n\t\t\t\t\t<\/div>\n\t\t<\/div>\n\t\t\t\t<div class=\"elementor-column elementor-col-50 elementor-top-column elementor-element elementor-element-7678e4f\" data-id=\"7678e4f\" data-element_type=\"column\">\n\t\t\t<div class=\"elementor-widget-wrap elementor-element-populated\">\n\t\t\t\t\t\t<div class=\"elementor-element elementor-element-158b301 elementor-widget elementor-widget-text-editor\" data-id=\"158b301\" data-element_type=\"widget\" data-widget_type=\"text-editor.default\">\n\t\t\t\t<div class=\"elementor-widget-container\">\n\t\t\t\t\t\t\t\t\t<p><strong>Als Experten f\u00fcr Taschen<\/strong> bieten wir seit 2005 die kundenspezifische Herstellung von wiederverwendbaren Tragetaschen an.<br \/>Wir unterst\u00fctzen Sie bei Ihrer ma\u00dfgeschneiderten Versorgung durch die Auswahl des passenden Dienstleisters aus unseren Partnerwerken in Europa oder Asien. Wir haben alle Phasen der Herstellung Ihrer Taschen beaufsichtigt: Design, Produktion, Qualit\u00e4tskontrollen, Transport.<\/p><p>Wir k\u00f6nnen auch die notwendigen Schritte unternehmen, um <strong>Labels (FSC, OK Compost usw<\/strong>.) gem\u00e4\u00df Ihren Anforderungen zu erhalten.<\/p><p><em>Einige Beispiele f\u00fcr ma\u00dfgeschneiderte Erfolge: um nach ECO verantwortungslosen Taschen, Baumwolltasche oder Jute-Einkaufstaschen, Pocket Bag Polyester, isothermische Tasche, Sportsack oder Technik, Wagen &#8230;<\/em><\/p>\t\t\t\t\t\t\t\t<\/div>\n\t\t\t\t<\/div>\n\t\t\t\t<div class=\"elementor-element elementor-element-4c15362 elementor-align-center elementor-widget elementor-widget-button\" data-id=\"4c15362\" data-element_type=\"widget\" data-widget_type=\"button.default\">\n\t\t\t\t<div class=\"elementor-widget-container\">\n\t\t\t\t\t\t\t\t\t<div class=\"elementor-button-wrapper\">\n\t\t\t\t\t<a class=\"elementor-button elementor-button-link elementor-size-md\" href=\"#\" target=\"_blank\">\n\t\t\t\t\t\t<span class=\"elementor-button-content-wrapper\">\n\t\t\t\t\t\t\t\t\t<span class=\"elementor-button-text\">Ihr kostenloses Angebot<\/span>\n\t\t\t\t\t<\/span>\n\t\t\t\t\t<\/a>\n\t\t\t\t<\/div>\n\t\t\t\t\t\t\t\t<\/div>\n\t\t\t\t<\/div>\n\t\t\t\t\t<\/div>\n\t\t<\/div>\n\t\t\t\t\t<\/div>\n\t\t<\/section>\n\t\t\t\t<section class=\"elementor-section elementor-top-section elementor-element elementor-element-ce7ff51 elementor-section-boxed elementor-section-height-default elementor-section-height-default\" data-id=\"ce7ff51\" data-element_type=\"section\">\n\t\t\t\t\t\t<div class=\"elementor-container elementor-column-gap-default\">\n\t\t\t\t\t<div class=\"elementor-column elementor-col-100 elementor-top-column elementor-element elementor-element-30ea7bf\" data-id=\"30ea7bf\" data-element_type=\"column\">\n\t\t\t<div class=\"elementor-widget-wrap elementor-element-populated\">\n\t\t\t\t\t\t<div class=\"elementor-element elementor-element-515828e elementor-widget elementor-widget-spacer\" data-id=\"515828e\" data-element_type=\"widget\" data-widget_type=\"spacer.default\">\n\t\t\t\t<div class=\"elementor-widget-container\">\n\t\t\t\t\t\t\t<div class=\"elementor-spacer\">\n\t\t\t<div class=\"elementor-spacer-inner\"><\/div>\n\t\t<\/div>\n\t\t\t\t\t\t<\/div>\n\t\t\t\t<\/div>\n\t\t\t\t<div class=\"elementor-element elementor-element-802a32f elementor-widget elementor-widget-heading\" data-id=\"802a32f\" data-element_type=\"widget\" data-widget_type=\"heading.default\">\n\t\t\t\t<div class=\"elementor-widget-container\">\n\t\t\t\t\t<h2 class=\"elementor-heading-title elementor-size-default\">Taschen auf Lager<\/h2>\t\t\t\t<\/div>\n\t\t\t\t<\/div>\n\t\t\t\t\t<\/div>\n\t\t<\/div>\n\t\t\t\t\t<\/div>\n\t\t<\/section>\n\t\t\t\t<section class=\"elementor-section elementor-top-section elementor-element elementor-element-68db262 elementor-section-boxed elementor-section-height-default elementor-section-height-default\" data-id=\"68db262\" data-element_type=\"section\">\n\t\t\t\t\t\t<div class=\"elementor-container elementor-column-gap-default\">\n\t\t\t\t\t<div class=\"elementor-column elementor-col-50 elementor-top-column elementor-element elementor-element-92d58db\" data-id=\"92d58db\" data-element_type=\"column\">\n\t\t\t<div class=\"elementor-widget-wrap elementor-element-populated\">\n\t\t\t\t\t\t<div class=\"elementor-element elementor-element-cba26a2 elementor-widget elementor-widget-text-editor\" data-id=\"cba26a2\" data-element_type=\"widget\" data-widget_type=\"text-editor.default\">\n\t\t\t\t<div class=\"elementor-widget-container\">\n\t\t\t\t\t\t\t\t\t<p>Wir haben jetzt einen st\u00e4ndigen Vorrat an Beuteln (und Lebensmittelverpackungen) bei unserem DC Pack-H\u00e4ndler in Besan\u00e7on. Diese sind mit unseren exklusiven Designs bedruckt oder unbedruckt. Damit garantieren wir:<br \/>&#8211; Personalisierung aus ein paar Teilen<br \/>&#8211; Reaktivit\u00e4t in Bezug auf die Lieferzeit<br \/>&#8211; Unterst\u00fctzung f\u00fcr die Besch\u00e4ftigung und die lokale Wirtschaft mit unserem Partner -Workshop.<\/p><p><em>Einige Beispiele f\u00fcr Produkte auf Lager<\/em><em><strong>\u00a0<\/strong><\/em><em>: Einkaufstasche Baumwolle, flache oder verdrehte Papiert\u00fcten, Nudelbeutel, Themeneinkaufstaschen, isothermische Tasche usw.<\/em><\/p>\t\t\t\t\t\t\t\t<\/div>\n\t\t\t\t<\/div>\n\t\t\t\t<div class=\"elementor-element elementor-element-234b451 elementor-align-center elementor-widget elementor-widget-button\" data-id=\"234b451\" data-element_type=\"widget\" data-widget_type=\"button.default\">\n\t\t\t\t<div class=\"elementor-widget-container\">\n\t\t\t\t\t\t\t\t\t<div class=\"elementor-button-wrapper\">\n\t\t\t\t\t<a class=\"elementor-button elementor-button-link elementor-size-md\" href=\"#www.dcpack.fr\" target=\"_blank\">\n\t\t\t\t\t\t<span class=\"elementor-button-content-wrapper\">\n\t\t\t\t\t\t\t\t\t<span class=\"elementor-button-text\">Bestellen Sie Ihre Tasche<\/span>\n\t\t\t\t\t<\/span>\n\t\t\t\t\t<\/a>\n\t\t\t\t<\/div>\n\t\t\t\t\t\t\t\t<\/div>\n\t\t\t\t<\/div>\n\t\t\t\t\t<\/div>\n\t\t<\/div>\n\t\t\t\t<div class=\"elementor-column elementor-col-50 elementor-top-column elementor-element elementor-element-206cb6b\" data-id=\"206cb6b\" data-element_type=\"column\">\n\t\t\t<div class=\"elementor-widget-wrap elementor-element-populated\">\n\t\t\t\t\t\t<div class=\"elementor-element elementor-element-bc3be79 elementor-widget elementor-widget-image\" data-id=\"bc3be79\" data-element_type=\"widget\" data-widget_type=\"image.default\">\n\t\t\t\t<div class=\"elementor-widget-container\">\n\t\t\t\t\t\t\t\t\t\t\t\t\t\t\t<img decoding=\"async\" width=\"2048\" height=\"945\" data-src=\"https:\/\/wasteless-group.com\/wp-content\/smush-avif\/2022\/11\/IMG_20220218_120304_1-modif-1-2048x945.jpg.avif\" class=\"attachment-2048x2048 size-2048x2048 wp-image-793 lazyload\" alt=\"sacs sacherie Besan\u00e7on France en stock DC Pack Wasteless Group \u00e9co-responsable \u00e9cologique recyclable mati\u00e8re recycl\u00e9e biosourc\u00e9 d&#039;origine v\u00e9g\u00e9tale\" data-srcset=\"https:\/\/wasteless-group.com\/wp-content\/smush-avif\/2022\/11\/IMG_20220218_120304_1-modif-1-2048x945.jpg.avif 2048w, https:\/\/wasteless-group.com\/wp-content\/smush-avif\/2022\/11\/IMG_20220218_120304_1-modif-1-300x138.jpg.avif 300w, https:\/\/wasteless-group.com\/wp-content\/smush-avif\/2022\/11\/IMG_20220218_120304_1-modif-1-1024x473.jpg.avif 1024w, https:\/\/wasteless-group.com\/wp-content\/smush-avif\/2022\/11\/IMG_20220218_120304_1-modif-1-768x354.jpg.avif 768w, https:\/\/wasteless-group.com\/wp-content\/smush-avif\/2022\/11\/IMG_20220218_120304_1-modif-1-1536x709.jpg.avif 1536w, https:\/\/wasteless-group.com\/wp-content\/smush-avif\/2022\/11\/IMG_20220218_120304_1-modif-1-scaled.jpg.avif 1920w\" data-sizes=\"(max-width: 2048px) 100vw, 2048px\" src=\"data:image\/svg+xml;base64,PHN2ZyB3aWR0aD0iMSIgaGVpZ2h0PSIxIiB4bWxucz0iaHR0cDovL3d3dy53My5vcmcvMjAwMC9zdmciPjwvc3ZnPg==\" style=\"--smush-placeholder-width: 2048px; --smush-placeholder-aspect-ratio: 2048\/945;\" \/>\t\t\t\t\t\t\t\t\t\t\t\t\t\t\t<\/div>\n\t\t\t\t<\/div>\n\t\t\t\t\t<\/div>\n\t\t<\/div>\n\t\t\t\t\t<\/div>\n\t\t<\/section>\n\t\t\t\t<\/div>\n\t\t","protected":false},"excerpt":{"rendered":"<p>Ma\u00dfgeschneiderte Taschen Als Experten f\u00fcr Taschen bieten wir seit 2005 die kundenspezifische Herstellung von wiederverwendbaren Tragetaschen an.Wir unterst\u00fctzen Sie bei Ihrer ma\u00dfgeschneiderten Versorgung durch die Auswahl des passenden Dienstleisters aus unseren Partnerwerken in Europa oder Asien. Wir haben alle Phasen der Herstellung Ihrer Taschen beaufsichtigt: Design, Produktion, Qualit\u00e4tskontrollen, Transport. Wir k\u00f6nnen auch die notwendigen Schritte &hellip;<\/p>\n<p class=\"read-more\"> <a class=\"\" href=\"https:\/\/wasteless-group.com\/de\/taschen\/\"> <span class=\"screen-reader-text\">Taschen<\/span> Weiterlesen &raquo;<\/a><\/p>\n","protected":false},"author":1,"featured_media":0,"parent":0,"menu_order":0,"comment_status":"closed","ping_status":"closed","template":"","meta":{"site-sidebar-layout":"default","site-content-layout":"","ast-site-content-layout":"default","site-content-style":"default","site-sidebar-style":"default","ast-global-header-display":"","ast-banner-title-visibility":"","ast-main-header-display":"","ast-hfb-above-header-display":"","ast-hfb-below-header-display":"","ast-hfb-mobile-header-display":"","site-post-title":"disabled","ast-breadcrumbs-content":"","ast-featured-img":"disabled","footer-sml-layout":"","theme-transparent-header-meta":"","adv-header-id-meta":"","stick-header-meta":"","header-above-stick-meta":"","header-main-stick-meta":"","header-below-stick-meta":"","astra-migrate-meta-layouts":"","footnotes":""},"class_list":["post-2805","page","type-page","status-publish","hentry"],"yoast_head":"<!-- This site is optimized with the Yoast SEO plugin v26.6 - https:\/\/yoast.com\/wordpress\/plugins\/seo\/ -->\n<title>Ihr ma\u00dfgeschneiderter Greener-Bag-Hersteller<\/title>\n<meta name=\"description\" content=\"Suchen Sie personalisierte Taschen nat\u00fcrlichen oder recycelten Ursprungs (in Kraft, PLA usw.)? Wir erstellen sie f\u00fcr Sie!\" \/>\n<meta name=\"robots\" content=\"index, follow, max-snippet:-1, max-image-preview:large, max-video-preview:-1\" \/>\n<link rel=\"canonical\" href=\"https:\/\/wasteless-group.com\/de\/taschen\/\" \/>\n<meta property=\"og:locale\" content=\"de_DE\" \/>\n<meta property=\"og:type\" content=\"article\" \/>\n<meta property=\"og:title\" content=\"Ihr ma\u00dfgeschneiderter Greener-Bag-Hersteller\" \/>\n<meta property=\"og:description\" content=\"Suchen Sie personalisierte Taschen nat\u00fcrlichen oder recycelten Ursprungs (in Kraft, PLA usw.)? Wir erstellen sie f\u00fcr Sie!\" \/>\n<meta property=\"og:url\" content=\"https:\/\/wasteless-group.com\/de\/taschen\/\" \/>\n<meta property=\"og:site_name\" content=\"Wasteless Group, votre fabricant et fournisseur de produits sur mesure plus \u00e9cologiques\" \/>\n<meta property=\"article:modified_time\" content=\"2023-01-19T15:35:01+00:00\" \/>\n<meta property=\"og:image\" content=\"https:\/\/wasteless-group.com\/wp-content\/uploads\/2022\/12\/20210610_163208-scaled.jpg\" \/>\n\t<meta property=\"og:image:width\" content=\"2560\" \/>\n\t<meta property=\"og:image:height\" content=\"1920\" \/>\n\t<meta property=\"og:image:type\" content=\"image\/jpeg\" \/>\n<meta name=\"twitter:card\" content=\"summary_large_image\" \/>\n<meta name=\"twitter:label1\" content=\"Gesch\u00e4tzte Lesezeit\" \/>\n\t<meta name=\"twitter:data1\" content=\"2 Minuten\" \/>\n<script type=\"application\/ld+json\" class=\"yoast-schema-graph\">{\"@context\":\"https:\/\/schema.org\",\"@graph\":[{\"@type\":\"WebPage\",\"@id\":\"https:\/\/wasteless-group.com\/de\/taschen\/\",\"url\":\"https:\/\/wasteless-group.com\/de\/taschen\/\",\"name\":\"Ihr ma\u00dfgeschneiderter Greener-Bag-Hersteller\",\"isPartOf\":{\"@id\":\"https:\/\/wasteless-group.com\/de\/#website\"},\"primaryImageOfPage\":{\"@id\":\"https:\/\/wasteless-group.com\/de\/taschen\/#primaryimage\"},\"image\":{\"@id\":\"https:\/\/wasteless-group.com\/de\/taschen\/#primaryimage\"},\"thumbnailUrl\":\"https:\/\/wasteless-group.com\/wp-content\/uploads\/2022\/12\/20210610_163208-1024x768.jpg\",\"datePublished\":\"2022-11-14T13:12:02+00:00\",\"dateModified\":\"2023-01-19T15:35:01+00:00\",\"description\":\"Suchen Sie personalisierte Taschen nat\u00fcrlichen oder recycelten Ursprungs (in Kraft, PLA usw.)? Wir erstellen sie f\u00fcr Sie!\",\"breadcrumb\":{\"@id\":\"https:\/\/wasteless-group.com\/de\/taschen\/#breadcrumb\"},\"inLanguage\":\"de-DE\",\"potentialAction\":[{\"@type\":\"ReadAction\",\"target\":[\"https:\/\/wasteless-group.com\/de\/taschen\/\"]}]},{\"@type\":\"ImageObject\",\"inLanguage\":\"de-DE\",\"@id\":\"https:\/\/wasteless-group.com\/de\/taschen\/#primaryimage\",\"url\":\"https:\/\/wasteless-group.com\/wp-content\/uploads\/2022\/12\/20210610_163208-1024x768.jpg\",\"contentUrl\":\"https:\/\/wasteless-group.com\/wp-content\/uploads\/2022\/12\/20210610_163208-1024x768.jpg\"},{\"@type\":\"BreadcrumbList\",\"@id\":\"https:\/\/wasteless-group.com\/de\/taschen\/#breadcrumb\",\"itemListElement\":[{\"@type\":\"ListItem\",\"position\":1,\"name\":\"Accueil\",\"item\":\"https:\/\/wasteless-group.com\/de\/\"},{\"@type\":\"ListItem\",\"position\":2,\"name\":\"Taschen\"}]},{\"@type\":\"WebSite\",\"@id\":\"https:\/\/wasteless-group.com\/de\/#website\",\"url\":\"https:\/\/wasteless-group.com\/de\/\",\"name\":\"Wasteless Group\",\"description\":\"Wasteless Group, votre fabricant et fournisseur de produits sur mesure plus \u00e9cologiques\",\"publisher\":{\"@id\":\"https:\/\/wasteless-group.com\/de\/#organization\"},\"potentialAction\":[{\"@type\":\"SearchAction\",\"target\":{\"@type\":\"EntryPoint\",\"urlTemplate\":\"https:\/\/wasteless-group.com\/de\/?s={search_term_string}\"},\"query-input\":{\"@type\":\"PropertyValueSpecification\",\"valueRequired\":true,\"valueName\":\"search_term_string\"}}],\"inLanguage\":\"de-DE\"},{\"@type\":\"Organization\",\"@id\":\"https:\/\/wasteless-group.com\/de\/#organization\",\"name\":\"Wasteless Group\",\"url\":\"https:\/\/wasteless-group.com\/de\/\",\"logo\":{\"@type\":\"ImageObject\",\"inLanguage\":\"de-DE\",\"@id\":\"https:\/\/wasteless-group.com\/de\/#\/schema\/logo\/image\/\",\"url\":\"https:\/\/wasteless-group.com\/wp-content\/uploads\/2023\/07\/Logo-WG-Vert.png\",\"contentUrl\":\"https:\/\/wasteless-group.com\/wp-content\/uploads\/2023\/07\/Logo-WG-Vert.png\",\"width\":400,\"height\":138,\"caption\":\"Wasteless Group\"},\"image\":{\"@id\":\"https:\/\/wasteless-group.com\/de\/#\/schema\/logo\/image\/\"},\"sameAs\":[\"https:\/\/www.linkedin.com\/company\/wasteless-group\/\"]}]}<\/script>\n<!-- \/ Yoast SEO plugin. -->","yoast_head_json":{"title":"Ihr ma\u00dfgeschneiderter Greener-Bag-Hersteller","description":"Suchen Sie personalisierte Taschen nat\u00fcrlichen oder recycelten Ursprungs (in Kraft, PLA usw.)? Wir erstellen sie f\u00fcr Sie!","robots":{"index":"index","follow":"follow","max-snippet":"max-snippet:-1","max-image-preview":"max-image-preview:large","max-video-preview":"max-video-preview:-1"},"canonical":"https:\/\/wasteless-group.com\/de\/taschen\/","og_locale":"de_DE","og_type":"article","og_title":"Ihr ma\u00dfgeschneiderter Greener-Bag-Hersteller","og_description":"Suchen Sie personalisierte Taschen nat\u00fcrlichen oder recycelten Ursprungs (in Kraft, PLA usw.)? Wir erstellen sie f\u00fcr Sie!","og_url":"https:\/\/wasteless-group.com\/de\/taschen\/","og_site_name":"Wasteless Group, votre fabricant et fournisseur de produits sur mesure plus \u00e9cologiques","article_modified_time":"2023-01-19T15:35:01+00:00","og_image":[{"width":2560,"height":1920,"url":"https:\/\/wasteless-group.com\/wp-content\/uploads\/2022\/12\/20210610_163208-scaled.jpg","type":"image\/jpeg"}],"twitter_card":"summary_large_image","twitter_misc":{"Gesch\u00e4tzte Lesezeit":"2 Minuten"},"schema":{"@context":"https:\/\/schema.org","@graph":[{"@type":"WebPage","@id":"https:\/\/wasteless-group.com\/de\/taschen\/","url":"https:\/\/wasteless-group.com\/de\/taschen\/","name":"Ihr ma\u00dfgeschneiderter Greener-Bag-Hersteller","isPartOf":{"@id":"https:\/\/wasteless-group.com\/de\/#website"},"primaryImageOfPage":{"@id":"https:\/\/wasteless-group.com\/de\/taschen\/#primaryimage"},"image":{"@id":"https:\/\/wasteless-group.com\/de\/taschen\/#primaryimage"},"thumbnailUrl":"https:\/\/wasteless-group.com\/wp-content\/uploads\/2022\/12\/20210610_163208-1024x768.jpg","datePublished":"2022-11-14T13:12:02+00:00","dateModified":"2023-01-19T15:35:01+00:00","description":"Suchen Sie personalisierte Taschen nat\u00fcrlichen oder recycelten Ursprungs (in Kraft, PLA usw.)? Wir erstellen sie f\u00fcr Sie!","breadcrumb":{"@id":"https:\/\/wasteless-group.com\/de\/taschen\/#breadcrumb"},"inLanguage":"de-DE","potentialAction":[{"@type":"ReadAction","target":["https:\/\/wasteless-group.com\/de\/taschen\/"]}]},{"@type":"ImageObject","inLanguage":"de-DE","@id":"https:\/\/wasteless-group.com\/de\/taschen\/#primaryimage","url":"https:\/\/wasteless-group.com\/wp-content\/uploads\/2022\/12\/20210610_163208-1024x768.jpg","contentUrl":"https:\/\/wasteless-group.com\/wp-content\/uploads\/2022\/12\/20210610_163208-1024x768.jpg"},{"@type":"BreadcrumbList","@id":"https:\/\/wasteless-group.com\/de\/taschen\/#breadcrumb","itemListElement":[{"@type":"ListItem","position":1,"name":"Accueil","item":"https:\/\/wasteless-group.com\/de\/"},{"@type":"ListItem","position":2,"name":"Taschen"}]},{"@type":"WebSite","@id":"https:\/\/wasteless-group.com\/de\/#website","url":"https:\/\/wasteless-group.com\/de\/","name":"Wasteless Group","description":"Wasteless Group, votre fabricant et fournisseur de produits sur mesure plus \u00e9cologiques","publisher":{"@id":"https:\/\/wasteless-group.com\/de\/#organization"},"potentialAction":[{"@type":"SearchAction","target":{"@type":"EntryPoint","urlTemplate":"https:\/\/wasteless-group.com\/de\/?s={search_term_string}"},"query-input":{"@type":"PropertyValueSpecification","valueRequired":true,"valueName":"search_term_string"}}],"inLanguage":"de-DE"},{"@type":"Organization","@id":"https:\/\/wasteless-group.com\/de\/#organization","name":"Wasteless Group","url":"https:\/\/wasteless-group.com\/de\/","logo":{"@type":"ImageObject","inLanguage":"de-DE","@id":"https:\/\/wasteless-group.com\/de\/#\/schema\/logo\/image\/","url":"https:\/\/wasteless-group.com\/wp-content\/uploads\/2023\/07\/Logo-WG-Vert.png","contentUrl":"https:\/\/wasteless-group.com\/wp-content\/uploads\/2023\/07\/Logo-WG-Vert.png","width":400,"height":138,"caption":"Wasteless Group"},"image":{"@id":"https:\/\/wasteless-group.com\/de\/#\/schema\/logo\/image\/"},"sameAs":["https:\/\/www.linkedin.com\/company\/wasteless-group\/"]}]}},"_links":{"self":[{"href":"https:\/\/wasteless-group.com\/de\/wp-json\/wp\/v2\/pages\/2805","targetHints":{"allow":["GET"]}}],"collection":[{"href":"https:\/\/wasteless-group.com\/de\/wp-json\/wp\/v2\/pages"}],"about":[{"href":"https:\/\/wasteless-group.com\/de\/wp-json\/wp\/v2\/types\/page"}],"author":[{"embeddable":true,"href":"https:\/\/wasteless-group.com\/de\/wp-json\/wp\/v2\/users\/1"}],"replies":[{"embeddable":true,"href":"https:\/\/wasteless-group.com\/de\/wp-json\/wp\/v2\/comments?post=2805"}],"version-history":[{"count":0,"href":"https:\/\/wasteless-group.com\/de\/wp-json\/wp\/v2\/pages\/2805\/revisions"}],"wp:attachment":[{"href":"https:\/\/wasteless-group.com\/de\/wp-json\/wp\/v2\/media?parent=2805"}],"curies":[{"name":"wp","href":"https:\/\/api.w.org\/{rel}","templated":true}]}}